{"id":8686,"date":"2026-03-18T09:34:14","date_gmt":"2026-03-18T09:34:14","guid":{"rendered":"https:\/\/nen.kmkoncept.fr\/?page_id=8686"},"modified":"2026-03-18T09:34:16","modified_gmt":"2026-03-18T09:34:16","slug":"general-conditions-of-sale","status":"publish","type":"page","link":"https:\/\/www.nenuphar.com\/en\/general-conditions-of-sale\/","title":{"rendered":"General conditions of sale"},"content":{"rendered":"<h2 class=\"wp-block-heading\">ATTENTION:<\/h2>\n\n\n\n<p>&#8211; Le d\u00e9lais de livraison sont donn\u00e9s \u00e0 titre indicatif. Il peut arriver que certains d\u00e9lais s&rsquo;allongent consid\u00e9rablement,&nbsp;cela ne pouvant en aucun cas&nbsp;faire droit \u00e0 indemnit\u00e9 quelle qu&rsquo;elle soit.<\/p>\n\n\n\n<h2 class=\"wp-block-heading\">Conditions g\u00e9n\u00e9rales de vente<\/h2>\n\n\n\n<p>&nbsp;Les pr\u00e9sentes conditions sont conclues entre, d&rsquo;une part, la soci\u00e9t\u00e9&nbsp;<strong>N\u00e9nuphar<\/strong>&nbsp;SAS,&nbsp;inscrite au RCS Melun, n\u00b0 B409 609 088, domicili\u00e9e \u00e0 Nemours, ZA du Rocher Vert, 8 rue Gustave Eiffel, 77140, France, ci-apr\u00e8s d\u00e9nomm\u00e9e \u00ab\u00a0<strong>N\u00e9nuphar<\/strong>\u00a0\u00bb ou&nbsp;\u00ab\u00a0<strong>N\u00e9nuphar Sailing Equipment<\/strong>\u00a0\u00bb et, d&rsquo;autre part, les personnes souhaitant effectuer un achat via le site Internet de&nbsp;<strong>N\u00e9nuphar<\/strong>&nbsp;:<\/p>\n\n\n\n<ul class=\"wp-block-list\">\n<li><strong>https:\/\/www.nenuphar.com<\/strong><\/li>\n<\/ul>\n\n\n\n<p>ci-apr\u00e8s d\u00e9nomm\u00e9es \u00ab\u00a0l&rsquo;utilisateur\u00a0\u00bb.<\/p>\n\n\n\n<p>Ces conditions concernent les entreprises inscrites au registre du commerce et des soci\u00e9t\u00e9s, les associations d\u00fbment inscrites en pr\u00e9fecture,&nbsp;ainsi que la client\u00e8le particuli\u00e8re. Les parties conviennent que leurs relations seront r\u00e9gies par le pr\u00e9sent contrat exclusivement, \u00e0 l\u2019exclusion de toute condition pr\u00e9alablement disponible sur le site.<\/p>\n\n\n\n<p>Si une condition venait \u00e0 faire d\u00e9faut, elle serait consid\u00e9r\u00e9e \u00eatre r\u00e9gie par les usages en vigueur dans le secteur de la vente \u00e0 distance dont les soci\u00e9t\u00e9s ont si\u00e8ge en France.<\/p>\n\n\n\n<p>La soci\u00e9t\u00e9&nbsp;<strong>N\u00e9nuphar<\/strong>&nbsp;S.A.S s\u2019engage \u00e0 respecter toutes les dispositions du Code de la Consommation relatives \u00e0 la vente \u00e0 distance.<\/p>\n\n\n\n<h3 class=\"wp-block-heading\"><strong>Objet<\/strong><\/h3>\n\n\n\n<p>Les pr\u00e9sentes conditions visent \u00e0 d\u00e9finir les modalit\u00e9s de vente entre&nbsp;<strong>N\u00e9nuphar<\/strong>&nbsp;et l&rsquo;utilisateur, de la commande aux services, en passant par le paiement et la livraison. Elles r\u00e8glent toutes les \u00e9tapes n\u00e9cessaires \u00e0 la passation de la commande et assurent le suivi de cette commande entre les parties contractantes.<\/p>\n\n\n\n<h3 class=\"wp-block-heading\"><strong>La commande<\/strong><\/h3>\n\n\n\n<p>L&rsquo;utilisateur a la possibilit\u00e9 de passer sa commande en ligne :<\/p>\n\n\n\n<p>&#8211; soit \u00e0 partir du catalogue en ligne<\/p>\n\n\n\n<p>&#8211; soit directement \u00e0 partir des r\u00e9f\u00e9rences des catalogues papier<\/p>\n\n\n\n<p>La commande ne peut \u00eatre enregistr\u00e9e sur le site que si l&rsquo;utilisateur s&rsquo;est clairement identifi\u00e9 par l&rsquo;entr\u00e9e de son code client (ou identifiant sp\u00e9cifique du web&nbsp;<strong>N\u00e9nuphar<\/strong>) , et par son mot de passe qui lui sont strictement personnels. Toute commande vaut acceptation des prix et description des produits disponibles \u00e0 la vente. Elle vaut \u00e9galement obligation de paiement (Loi \u00ab\u00a0Hamon\u00a0\u00bb du 17 mars 2014)<\/p>\n\n\n\n<p>Toute contestation sur ce point interviendra dans le cadre d&rsquo;un \u00e9ventuel \u00e9change et des garanties ci-dessous mentionn\u00e9es. La soci\u00e9t\u00e9&nbsp;<strong>N\u00e9nuphar<\/strong>&nbsp;s\u2019engage \u00e0 honorer les commandes re\u00e7ues sur le site internet uniquement dans la limite des stocks disponibles des produits. A d\u00e9faut de disponibilit\u00e9 du produit,&nbsp;<strong>N\u00e9nuphar<\/strong>&nbsp;s&rsquo;engage \u00e0 en informer au plus vite l&rsquo;utilisateur. Les photos ne sont pas contractuelles, et les couleurs peuvent varier selon disponibilit\u00e9.<\/p>\n\n\n\n<p>Pour les trampolines, nous avons rajout\u00e9 des plans, afin que vous puissiez v\u00e9rifier la compatibilit\u00e9 du mod\u00e8le choisi avec votre bateau. Une case \u00e0 cocher vous permet de valider que vous avez bien v\u00e9rifi\u00e9 le plan, ce qui implique, notamment pour les trampolines rares, que nous n&rsquo;accepterons pas d&rsquo;\u00e9change en cas d&rsquo;erreur.<\/p>\n\n\n\n<p>Les photos des articles et leur couleur sur la photo sont NON CONTRACTUELLES.<\/p>\n\n\n\n<p>Tous les articles que nous fabriquons \u00e0 la commande ne sont ni repris, ni \u00e9chang\u00e9s.<\/p>\n\n\n\n<h3 class=\"wp-block-heading\"><strong>La livraison<\/strong><\/h3>\n\n\n\n<h2 class=\"wp-block-heading\"><strong>Conditions de livraison:&nbsp;<\/strong><strong>&nbsp;&nbsp;<\/strong><strong><a href=\"https:\/\/www.nenuphar.com\/en\/fr\/content\/1-livraison\/\">TARIFS FRAIS DE PORT<\/a><\/strong><\/h2>\n\n\n\n<p>Celle-ci ne pourra intervenir qu\u2019\u00e0 une adresse o\u00f9 quelqu\u2019un est pr\u00e9sent toute la journ\u00e9e, le transporteur ne pouvant pas prendre rendez-vous.&nbsp;Il est \u00e0 noter qu&rsquo;il appartient au destinataire de formuler des r\u00e9serves claires et compl\u00e8tes sur le r\u00e9c\u00e9piss\u00e9 de transport, et de formuler ces r\u00e9serves aupr\u00e8s du transporteur par lettre recommand\u00e9e sous 48 heures. La simple mention \u00ab sous r\u00e9serve de d\u00e9ballage \u00bb n\u2019a aucune valeur juridique.&nbsp;Tout risque d&rsquo;endommagement ou de perte est transf\u00e9r\u00e9 au consommateur au moment o\u00f9 ce dernier ou un tiers d\u00e9sign\u00e9 par lui prend physiquement possession des ces biens&nbsp;.&nbsp;Les emballages sp\u00e9ciaux, export ou maritimes, sont factur\u00e9s en sus.<\/p>\n\n\n\n<p>Nos clients professions lib\u00e9rales, associations, artisans, entreprises, administrations doivent nous pr\u00e9venir de tout litige ou contestation, par \u00e9crit, dans les deux jours suivant la r\u00e9ception de la marchandise.<\/p>\n\n\n\n<p>Pour nos clients particuliers personnes physiques, se reporter \u00e0 la rubrique \u00ab\u00a0droit de r\u00e9tractation\u00a0\u00bb.<\/p>\n\n\n\n<p><strong>Nenuphar<\/strong>&nbsp;refuse tout retour de marchandise effectu\u00e9 sans accord pr\u00e9alable (sauf particuliers &#8211; cf \u00ab\u00a0Droit de r\u00e9tractation\u00a0\u00bb).&nbsp;En cas d\u2019acceptation, les marchandises retourn\u00e9es devront correspondre au bon d\u2019accord \u00e9mis par le service commercial, le port restant \u00e0 la charge du client, quel que soit le motif du retour.<\/p>\n\n\n\n<p><strong>La r\u00e9ception de vos livraison:<\/strong><\/p>\n\n\n\n<p>Tout risque d&rsquo;endommagement ou de perte est transf\u00e9r\u00e9 au consommateur au moment o\u00f9 ce dernier ou un tiers d\u00e9sign\u00e9 par lui prend physiquement possession des ces biens&nbsp;et c&rsquo;est \u00e0 lui qu&rsquo;il appartient de formuler des r\u00e9serves claires et compl\u00e8tes sur le r\u00e9c\u00e9piss\u00e9 de transport ET de les confirmer aupr\u00e8s de N\u00e9nuphar par lettre recommand\u00e9e sous 48h. La simple mention \u00ab\u00a0sous r\u00e9serve de d\u00e9ballage\u00a0\u00bb n&rsquo;a aucune valeur juridique.<\/p>\n\n\n\n<p>Quel que soit l&rsquo;avis du chauffeur, qui est souvent press\u00e9, ne signez pas le r\u00e9c\u00e9piss\u00e9 de transport sans avoir:<\/p>\n\n\n\n<p>&#8211; Compt\u00e9 le nombre de colis annonc\u00e9,<\/p>\n\n\n\n<p>&#8211; V\u00e9rifi\u00e9 l&rsquo;\u00e9tat ext\u00e9rieur des colis,<\/p>\n\n\n\n<p>&#8211; Ouvert les colis et v\u00e9rifi\u00e9 leur contenu.<\/p>\n\n\n\n<p>En cas de manquants, ou de d\u00e9gradations des produits, faites-le-lui constater de visu avant de mentionner vos r\u00e9serves par \u00e9crit, de fa\u00e7on claire et compl\u00e8te, sur le bordereau de transport. Si le chauffeur ne souhaite pas attendre votre contr\u00f4le complet, faites-lui signer \u00e9galement le bordereau apr\u00e8s y avoir mentionn\u00e9 \u00ab\u00a0Le chauffeur n&rsquo;attend pas le contr\u00f4le\u00a0\u00bb. Adressez obligatoirement confirmation de vos r\u00e9serves \u00e0 N\u00e9nuphar dans les 2 jours par lettre recommand\u00e9e. Le nom complet du r\u00e9ceptionnaire, son \u00e9margement et la date doivent obligatoirement compl\u00e9ter le r\u00e9c\u00e9piss\u00e9 de transport remis. Faites particuli\u00e8rement attention aux produits fragiles que vous attendez.<\/p>\n\n\n\n<p>Si vous ne respectez pas cette proc\u00e9dure, le remplacement \u00e9ventuel d&rsquo;objets manquants ou d\u00e9t\u00e9rior\u00e9s sera obligatoirement \u00e0 votre charge.<\/p>\n\n\n\n<p>N\u00e9nuphar ne peut en aucun cas se substituer \u00e0 vous dans ce contr\u00f4le,&nbsp;et ne peut en assurer la responsabilit\u00e9 si vous ne prenez pas le temps de l&rsquo;effectuer.<\/p>\n\n\n\n<p>Les petits colis, longueur + largeur + hauteur &lt; 2 ml, et poids &lt; \u00e0 30 Kg, seront le plus souvent exp\u00e9di\u00e9s par transport rapide de type livraison le lendemain avant 13 heures en France m\u00e9tropolitaine, dans la mesure des stocks disponibles (renseignement dispo :&nbsp;(33) 01 64 45 01 00). Exp\u00e9dition monocolis par destination.&nbsp;Les exp\u00e9ditions de colis de dimensions ou poids sup\u00e9rieurs seront achemin\u00e9s en groupage messagerie.&nbsp;Pour les m\u00e2ts, les gros chariots, les remorques et les bateaux, une gestion sp\u00e9cifique au cas par cas sera faite.<\/p>\n\n\n\n<p>Vous attestez avoir lu l&rsquo;onglet \u00ab\u00a0Livraison rapide\u00a0\u00bb, qui revient en d\u00e9tail sur les frais et modalit\u00e9s d&rsquo;exp\u00e9dition. Vous pouvez lire ceci&nbsp;&nbsp;<a href=\"https:\/\/www.nenuphar.com\/en\/fr\/content\/1-livraison\/\">ICI<\/a><\/p>\n\n\n\n<h3 class=\"wp-block-heading\"><strong>Le r\u00e8glement<\/strong><\/h3>\n\n\n\n<p><strong>N\u00e9nuphar&nbsp;<\/strong>propose plusieurs modes de paiement :<\/p>\n\n\n\n<p>&#8211; Par ch\u00e8que : apr\u00e8s validation de votre panier, un bon de commande est affich\u00e9, pr\u00eat \u00e0 \u00eatre imprim\u00e9, reprenant le d\u00e9tail de votre commande. Il vous suffit de nous exp\u00e9dier par poste ce bon de commande accompagn\u00e9 du ch\u00e8que de l\u2019int\u00e9gralit\u00e9 du r\u00e8glement, et nous pr\u00e9parerons votre commande d\u00e8s sa r\u00e9ception. ATTENTION : nous n&rsquo;acceptons pas les ch\u00e8ques hors place.<\/p>\n\n\n\n<p>&#8211; Par carte bancaire (BLEUE, VISA, EUROCARD-MASTERCARD) via le site s\u00e9curis\u00e9 de notre banque, la Soci\u00e9t\u00e9 G\u00e9n\u00e9rale.<\/p>\n\n\n\n<p>&#8211; Par Paypal,<\/p>\n\n\n\n<p>&#8211; Par virement \u00e0 notre compte (voir la rubrique \u00ab\u00a0r\u00e8glements\u00a0\u00bb pour les coordonn\u00e9es bancaires).<\/p>\n\n\n\n<p>Sauf cas sp\u00e9cifique, le r\u00e8glement sera fait \u00e0 la commande, sans escompte.<\/p>\n\n\n\n<h3 class=\"wp-block-heading\"><strong>Les tarifs<\/strong><\/h3>\n\n\n\n<p>Les prix sont indiqu\u00e9s en euros TTC, au taux de T.V.A. applicable au jour de la commande.<\/p>\n\n\n\n<p>Tout changement du taux de T.V.A. applicable pourra \u00eatre r\u00e9percut\u00e9 sur les prix des produits. Apr\u00e8s cette date, ils sont susceptibles d&rsquo;\u00eatre modifi\u00e9s \u00e0 tout moment. Les prix des articles command\u00e9s sur le site d\u2019apr\u00e8s des r\u00e9f\u00e9rences catalogue (g\u00e9n\u00e9ral et sp\u00e9cialis\u00e9s) dont ils sont issus et la date indiqu\u00e9e sur le catalogue en question font foi, et sont susceptibles d\u2019\u00eatre modifi\u00e9s sans pr\u00e9avis.<\/p>\n\n\n\n<h3 class=\"wp-block-heading\"><strong>les codes PROMO<\/strong><\/h3>\n\n\n\n<p>Les codes promo sont r\u00e9serv\u00e9s \u00e0 des cat\u00e9gories d&rsquo;utilisateurs pr\u00e9cis. Nous nous r\u00e9servons le droit de faire des v\u00e9rifications, et \u00e9ventuellement d&rsquo;annuler un bon utilis\u00e9 sans faire partie de la cat\u00e9gorie d&rsquo;utilisateurs d\u00e9sign\u00e9e, ou utilis\u00e9s frauduleusement.<\/p>\n\n\n\n<h3 class=\"wp-block-heading\"><strong>Signatures et preuves<\/strong><\/h3>\n\n\n\n<p>Tout utilisateur du site non titulaire d&rsquo;un num\u00e9ro de client devra suivre une proc\u00e9dure d&rsquo;inscription lui permettant d&rsquo;obtenir, par la suite, son num\u00e9ro de client.<\/p>\n\n\n\n<p>Ce num\u00e9ro est personnel. Toute perte ou oubli devra \u00eatre d\u00e9nonc\u00e9 aux services de&nbsp;<strong>N\u00e9nuphar<\/strong>&nbsp;\u00e0 bref d\u00e9lai en contactant un conseiller au 01 64 45 01 00 ou par mail info@nenuphar.com<\/p>\n\n\n\n<p>Dans tous les cas la validation finale de la commande vaudra preuve de l&rsquo;int\u00e9gralit\u00e9 de la dite commande conform\u00e9ment aux dispositions de la loi du 13 mars 2000 et vaudra exigibilit\u00e9 des sommes engag\u00e9es par la saisie des articles figurant sur le bon de commande. Cette validation vaut signature et acceptation expresse de toutes les op\u00e9rations effectu\u00e9es sur le site.<\/p>\n\n\n\n<p><strong>Modification de l&rsquo;article L.441-6 du Code de Commerce<\/strong>&nbsp;: loi n\u00b0 2012-387 du 22 mars 2012 relative \u00e0 la simplification du droit et \u00e0 l\u2019all\u00e9gement des d\u00e9marches administratives, transposition de la directive europ\u00e9enne n\u00b0 2011\/7\/UE du 16 f\u00e9vrier 2011 relative \u00e0 la lutte contre le retard de paiement dans les transactions commerciales: tout professionnel en situation de retard de paiement est d\u00e9sormais de plein droit d\u00e9biteur \u00e0 l\u2019\u00e9gard du cr\u00e9ancier d\u2019une indemnit\u00e9 forfaitaire de 40 \u20ac pour frais de recouvrement, en sus des indemnit\u00e9s de retard. La somme de 40 \u20ac a \u00e9t\u00e9 fix\u00e9e par le d\u00e9cret d\u2019application n\u00b0 2012-1115 du 2 octobre 2012. Dans l\u2019hypoth\u00e8se o\u00f9 les frais de recouvrement expos\u00e9s seraient sup\u00e9rieurs au montant de cette indemnit\u00e9 forfaitaire, La soci\u00e9t\u00e9 N\u00e9nuphar pourra demander une indemnisation compl\u00e9mentaire, sur justification.<\/p>\n\n\n\n<h3 class=\"wp-block-heading\"><\/h3>\n\n\n\n<h3 class=\"wp-block-heading\"><strong>Le droit de r\u00e9tractation pour les particuliers \u00ab\u00a0Le consommateur\u00a0\u00bb<\/strong><\/h3>\n\n\n\n<p><strong>Droit de r\u00e9tractation applicable aux contrats conclus \u00e0 distance et hors \u00e9tablissement . Pour les particuliers uniquement : d\u00e9nomm\u00e9s \u00ab\u00a0le consommateur\u00a0\u00bb<\/strong><\/p>\n\n\n\n<p>Le consommateur dispose d&rsquo;un d\u00e9lai de quatorze jours pour exercer son droit de r\u00e9tractation d&rsquo;un contrat conclu \u00e0 distance, \u00e0 la suite d&rsquo;un d\u00e9marchage t\u00e9l\u00e9phonique ou hors \u00e9tablissement, sans avoir \u00e0 motiver sa d\u00e9cision ni \u00e0 supporter d&rsquo;autres co\u00fbts que ceux pr\u00e9vus aux articles&nbsp;<a href=\"https:\/\/www.legifrance.gouv.fr\/affichCodeArticle.do?cidTexte=LEGITEXT000006069565&amp;idArticle=LEGIARTI000032221377&amp;dateTexte=&amp;categorieLien=cid\">L. 221-23 \u00e0 L. 221-25<\/a>.<\/p>\n\n\n\n<p>Le d\u00e9lai mentionn\u00e9 au premier alin\u00e9a court \u00e0 compter du jour :<br>De la r\u00e9ception du bien par le consommateur ou un tiers, autre que le transporteur, d\u00e9sign\u00e9 par lui, pour les contrats de vente de biens. Pour les contrats conclus hors \u00e9tablissement, le consommateur peut exercer son droit de r\u00e9tractation \u00e0 compter de la conclusion du contrat.<br>Dans le cas d&rsquo;une commande portant sur plusieurs biens livr\u00e9s s\u00e9par\u00e9ment ou dans le cas d&rsquo;une commande d&rsquo;un bien compos\u00e9 de lots ou de pi\u00e8ces multiples dont la livraison est \u00e9chelonn\u00e9e sur une p\u00e9riode d\u00e9finie, le d\u00e9lai court \u00e0 compter de la r\u00e9ception du dernier bien ou lot ou de la derni\u00e8re pi\u00e8ce.<br>Pour les contrats pr\u00e9voyant la livraison r\u00e9guli\u00e8re de biens pendant une p\u00e9riode d\u00e9finie, le d\u00e9lai court \u00e0 compter de la r\u00e9ception du premier bien.<\/p>\n\n\n\n<p>Article L221-19<\/p>\n\n\n\n<p>Conform\u00e9ment au r\u00e8glement n\u00b0 1182\/71\/ CEE du Conseil du 3 juin 1971 portant d\u00e9termination des r\u00e8gles applicables aux d\u00e9lais, aux dates et aux termes :<\/p>\n\n\n\n<p>1\u00b0 Le jour o\u00f9 le contrat est conclu ou le jour de la r\u00e9ception du bien n&rsquo;est pas compt\u00e9 dans le d\u00e9lai mentionn\u00e9 \u00e0 l&rsquo;article&nbsp;<a href=\"https:\/\/www.legifrance.gouv.fr\/affichCodeArticle.do?cidTexte=LEGITEXT000006069565&amp;idArticle=LEGIARTI000032221367&amp;dateTexte=&amp;categorieLien=cid\">L. 221-18<\/a>&nbsp;;<br>2\u00b0 Le d\u00e9lai commence \u00e0 courir au d\u00e9but de la premi\u00e8re heure du premier jour et prend fin \u00e0 l&rsquo;expiration de la derni\u00e8re heure du dernier jour du d\u00e9lai ;<br>3\u00b0 Si ce d\u00e9lai expire un samedi, un dimanche ou un jour f\u00e9ri\u00e9 ou ch\u00f4m\u00e9, il est prorog\u00e9 jusqu&rsquo;au premier jour ouvrable suivant.<\/p>\n\n\n\n<p>Article L221-20<\/p>\n\n\n\n<p>Lorsque les informations relatives au droit de r\u00e9tractation n&rsquo;ont pas \u00e9t\u00e9 fournies au consommateur dans les conditions pr\u00e9vues au 2\u00b0 de l&rsquo;article&nbsp;<a href=\"https:\/\/www.legifrance.gouv.fr\/affichCodeArticle.do?cidTexte=LEGITEXT000006069565&amp;idArticle=LEGIARTI000032221333&amp;dateTexte=&amp;categorieLien=cid\">L. 221-5<\/a>, le d\u00e9lai de r\u00e9tractation est prolong\u00e9 de douze mois \u00e0 compter de l&rsquo;expiration du d\u00e9lai de r\u00e9tractation initial, d\u00e9termin\u00e9 conform\u00e9ment \u00e0 l&rsquo;article&nbsp;<a href=\"https:\/\/www.legifrance.gouv.fr\/affichCodeArticle.do?cidTexte=LEGITEXT000006069565&amp;idArticle=LEGIARTI000032221367&amp;dateTexte=&amp;categorieLien=cid\">L. 221-18<\/a>.<br>Toutefois, lorsque la fourniture de ces informations intervient pendant cette prolongation, le d\u00e9lai de r\u00e9tractation expire au terme d&rsquo;une p\u00e9riode de quatorze jours \u00e0 compter du jour o\u00f9 le consommateur a re\u00e7u ces informations.<\/p>\n\n\n\n<p>Article L221-21<\/p>\n\n\n\n<p>Le consommateur exerce son droit de r\u00e9tractation en informant le professionnel de sa d\u00e9cision de se r\u00e9tracter par l&rsquo;envoi, avant l&rsquo;expiration du d\u00e9lai pr\u00e9vu \u00e0 l&rsquo;article&nbsp;<a href=\"https:\/\/www.legifrance.gouv.fr\/affichCodeArticle.do?cidTexte=LEGITEXT000006069565&amp;idArticle=LEGIARTI000032221367&amp;dateTexte=&amp;categorieLien=cid\">L. 221-18<\/a>, du formulaire de r\u00e9tractation mentionn\u00e9 au 2\u00b0 de l&rsquo;article&nbsp;<a href=\"https:\/\/www.legifrance.gouv.fr\/affichCodeArticle.do?cidTexte=LEGITEXT000006069565&amp;idArticle=LEGIARTI000032221333&amp;dateTexte=&amp;categorieLien=cid\">L. 221-5<\/a>&nbsp;ou de toute autre d\u00e9claration, d\u00e9nu\u00e9e d&rsquo;ambigu\u00eft\u00e9, exprimant sa volont\u00e9 de se r\u00e9tracter.<br>Le professionnel peut \u00e9galement permettre au consommateur de remplir et de transmettre en ligne, sur son site internet, le formulaire ou la d\u00e9claration pr\u00e9vus au premier alin\u00e9a. Dans cette hypoth\u00e8se, le professionnel communique, sans d\u00e9lai, au consommateur un accus\u00e9 de r\u00e9ception de la r\u00e9tractation sur un support durable.<\/p>\n\n\n\n<h1 class=\"wp-block-heading\"><strong><a href=\"https:\/\/www.nenuphar.com\/en\/formulaires\/FORMULAIRE%20DE%20RETRACTATION.pdf\/\">FORMULAIRE DE R\u00c9TRACTATION :<\/a><\/strong><\/h1>\n\n\n\n<p>Article L221-22<\/p>\n\n\n\n<p>La charge de la preuve de l&rsquo;exercice du droit de r\u00e9tractation dans les conditions pr\u00e9vues \u00e0 l&rsquo;article&nbsp;<a href=\"https:\/\/www.legifrance.gouv.fr\/affichCodeArticle.do?cidTexte=LEGITEXT000006069565&amp;idArticle=LEGIARTI000032221373&amp;dateTexte=&amp;categorieLien=cid\">L. 221-21<\/a>&nbsp;p\u00e8se sur le consommateur.<\/p>\n\n\n\n<p>Article L221-23<\/p>\n\n\n\n<p>Le consommateur renvoie ou restitue les biens au professionnel ou \u00e0 une personne d\u00e9sign\u00e9e par ce dernier, sans retard excessif et, au plus tard, dans les quatorze jours suivant la communication de sa d\u00e9cision de se r\u00e9tracter conform\u00e9ment \u00e0 l&rsquo;article&nbsp;<a href=\"https:\/\/www.legifrance.gouv.fr\/affichCodeArticle.do?cidTexte=LEGITEXT000006069565&amp;idArticle=LEGIARTI000032221373&amp;dateTexte=&amp;categorieLien=cid\">L. 221-21<\/a>, \u00e0 moins que le professionnel ne propose de r\u00e9cup\u00e9rer lui-m\u00eame ces biens. LES FRAIS DE RENVOI SONT A LA CHARGE DU CONSOMMATEUR.<br>Le consommateur ne supporte que les co\u00fbts directs de renvoi des biens (port et emballage) .<br>La responsabilit\u00e9 du consommateur ne peut \u00eatre engag\u00e9e qu&rsquo;en cas de d\u00e9pr\u00e9ciation des biens r\u00e9sultant de manipulations autres que celles n\u00e9cessaires pour \u00e9tablir la nature, les caract\u00e9ristiques et le bon fonctionnement de ces biens, sous r\u00e9serve que le professionnel ait inform\u00e9 le consommateur de son droit de r\u00e9tractation, conform\u00e9ment au 2\u00b0 de l&rsquo;article&nbsp;<a href=\"https:\/\/www.legifrance.gouv.fr\/affichCodeArticle.do?cidTexte=LEGITEXT000006069565&amp;idArticle=LEGIARTI000032221333&amp;dateTexte=&amp;categorieLien=cid\">L. 221-5<\/a>.<\/p>\n\n\n\n<p>Article L221-24<\/p>\n\n\n\n<p>Lorsque le droit de r\u00e9tractation est exerc\u00e9, le professionnel rembourse le consommateur de la totalit\u00e9 des sommes vers\u00e9es, y compris les frais de livraison, sans retard injustifi\u00e9 et au plus tard dans les quatorze jours \u00e0 compter de la date \u00e0 laquelle il est inform\u00e9 de la d\u00e9cision du consommateur de se r\u00e9tracter.<br>Pour les contrats de vente de biens, \u00e0 moins qu&rsquo;il ne propose de r\u00e9cup\u00e9rer lui-m\u00eame les biens, le professionnel peut diff\u00e9rer le remboursement jusqu&rsquo;\u00e0 r\u00e9cup\u00e9ration des biens ou jusqu&rsquo;\u00e0 ce que le consommateur ait fourni une preuve de l&rsquo;exp\u00e9dition de ces biens, la date retenue \u00e9tant celle du premier de ces faits.<br>Le professionnel effectue ce remboursement en utilisant le m\u00eame moyen de paiement que celui utilis\u00e9 par le consommateur pour la transaction initiale, sauf accord expr\u00e8s du consommateur pour qu&rsquo;il utilise un autre moyen de paiement et dans la mesure o\u00f9 le remboursement n&rsquo;occasionne pas de frais pour le consommateur.<br>Le professionnel n&rsquo;est pas tenu de rembourser les frais suppl\u00e9mentaires si le consommateur a express\u00e9ment choisi un mode de livraison plus co\u00fbteux que le mode de livraison standard propos\u00e9 par le professionnel.<\/p>\n\n\n\n<p>Exceptions au droit de r\u00e9tractation:<\/p>\n\n\n\n<p>ATTENTION: les articles sur-mesure, les articles command\u00e9s sp\u00e9cifiquement, hors de notre gamme, les cordages, sandow, l\u00e8vres de d\u00e9rive, lattes vendus au ml ne sont ni repris, ni \u00e9chang\u00e9s! Tout article vendu au ml sera arrondi au ml sup\u00e9rieur exemple: c\u00e2ble ou tube au ml, vous souhaitez commander 4.20 ml, vous devez commander 5 ml.<\/p>\n\n\n\n<p>Pour les articles destock\u00e9s et en promo non concern\u00e9s par la r\u00e8gle ci-dessus, le retour est autoris\u00e9, toutefois les frais de retour restent \u00e0 votre charge.<\/p>\n\n\n\n<p>Adresse de retour:<\/p>\n\n\n\n<p>NENUPHAR SAILING EQUIPMENT SA<\/p>\n\n\n\n<p>ZA du rocher Vert &#8211; 8 rue Gustave Eiffel<\/p>\n\n\n\n<p>77140 NEMOURS<\/p>\n\n\n\n<h3 class=\"wp-block-heading\"><strong>Retour Pour \u00e9change<\/strong><\/h3>\n\n\n\n<p>Seront uniquement accept\u00e9s les produits \u00e0 l&rsquo;\u00e9tat neuf, complets, retourn\u00e9s dans leur emballage d&rsquo;origine et accompagn\u00e9s de votre facture d&rsquo;achat, et de&nbsp;<a href=\"https:\/\/www.nenuphar.com\/en\/formulaires\/DEMANDE_DE_REMPLACEMENT_NENUPHAR.pdf\/\">ce bon de retour<\/a><\/p>\n\n\n\n<p>Pour tout changement de mod\u00e8le, de taille, de couleur par rapport \u00e0 votre commande initiale, tous les frais de port sont \u00e0 votre charge (retour produit \u00e0 changer, et r\u00e9-exp\u00e9dition des nouveaux produits).<\/p>\n\n\n\n<p>Tous les retours doivent l&rsquo;\u00eatre par un mode de transport permettant le suivi: nous d\u00e9clinons toute responsabilit\u00e9 dans le cas o\u00f9 le colis ne nous parviendrait pas.<\/p>\n\n\n\n<p>Tout produit qui aura \u00e9t\u00e9 ab\u00eem\u00e9, ou dont l&#8217;emballage d&rsquo;origine aura \u00e9t\u00e9 d\u00e9t\u00e9rior\u00e9 ne sera pas rembours\u00e9.<\/p>\n\n\n\n<h3 class=\"wp-block-heading\"><strong>Garantie et SAV:<\/strong><\/h3>\n\n\n\n<p><strong>Garantie l\u00e9gale de conformit\u00e9:<\/strong><\/p>\n\n\n\n<p>Article L217-4<\/p>\n\n\n\n<p>Le vendeur livre un bien conforme au contrat et r\u00e9pond des d\u00e9fauts de conformit\u00e9 existant lors de la d\u00e9livrance.<br>Il r\u00e9pond \u00e9galement des d\u00e9fauts de conformit\u00e9 r\u00e9sultant de l&#8217;emballage, des instructions de montage ou de l&rsquo;installation lorsque celle-ci a \u00e9t\u00e9 mise \u00e0 sa charge par le contrat ou a \u00e9t\u00e9 r\u00e9alis\u00e9e sous sa responsabilit\u00e9.<\/p>\n\n\n\n<p>Article L217-5<\/p>\n\n\n\n<p>Le bien est conforme au contrat :<br>1\u00b0 S&rsquo;il est propre \u00e0 l&rsquo;usage habituellement attendu d&rsquo;un bien semblable et, le cas \u00e9ch\u00e9ant :<br>&#8211; s&rsquo;il correspond \u00e0 la description donn\u00e9e par le vendeur et poss\u00e8de les qualit\u00e9s que celui-ci a pr\u00e9sent\u00e9es \u00e0 l&rsquo;acheteur sous forme d&rsquo;\u00e9chantillon ou de mod\u00e8le ;<br>&#8211; s&rsquo;il pr\u00e9sente les qualit\u00e9s qu&rsquo;un acheteur peut l\u00e9gitimement attendre eu \u00e9gard aux d\u00e9clarations publiques faites par le vendeur, par le producteur ou par son repr\u00e9sentant, notamment dans la publicit\u00e9 ou l&rsquo;\u00e9tiquetage ;<br>2\u00b0 Ou s&rsquo;il pr\u00e9sente les caract\u00e9ristiques d\u00e9finies d&rsquo;un commun accord par les parties ou est propre \u00e0 tout usage sp\u00e9cial recherch\u00e9 par l&rsquo;acheteur, port\u00e9 \u00e0 la connaissance du vendeur et que ce dernier a accept\u00e9.<\/p>\n\n\n\n<p>Article L217-12<\/p>\n\n\n\n<p>L&rsquo;action r\u00e9sultant du d\u00e9faut de conformit\u00e9 se prescrit par deux ans \u00e0 compter de la d\u00e9livrance du bien.<\/p>\n\n\n\n<p>Article L217-16<\/p>\n\n\n\n<p>Lorsque l&rsquo;acheteur demande au vendeur, pendant le cours de la garantie commerciale qui lui a \u00e9t\u00e9 consentie lors de l&rsquo;acquisition ou de la r\u00e9paration d&rsquo;un bien meuble, une remise en \u00e9tat couverte par la garantie, toute p\u00e9riode d&rsquo;immobilisation d&rsquo;au moins sept jours vient s&rsquo;ajouter \u00e0 la dur\u00e9e de la garantie qui restait \u00e0 courir.<br>Cette p\u00e9riode court \u00e0 compter de la demande d&rsquo;intervention de l&rsquo;acheteur ou de la mise \u00e0 disposition pour r\u00e9paration du bien en cause, si cette mise \u00e0 disposition est post\u00e9rieure \u00e0 la demande d&rsquo;intervention.<\/p>\n\n\n\n<p><strong>Garantie relative aux vices cach\u00e9s:<\/strong><\/p>\n\n\n\n<p>Article 1641 du code civil:<\/p>\n\n\n\n<p>Le vendeur est tenu de la garantie \u00e0 raison des d\u00e9fauts cach\u00e9s de la chose vendue qui la rendent impropre \u00e0 l&rsquo;usage auquel on la destine, ou qui diminuent tellement cet usage que l&rsquo;acheteur ne l&rsquo;aurait pas acquise, ou n&rsquo;en aurait donn\u00e9 qu&rsquo;un moindre prix, s&rsquo;il les avait connus.<\/p>\n\n\n\n<p>Article 1648 du code civil:<\/p>\n\n\n\n<p>L&rsquo;action r\u00e9sultant des vices r\u00e9dhibitoires doit \u00eatre intent\u00e9e par l&rsquo;acqu\u00e9reur dans un d\u00e9lai de deux ans \u00e0 compter de la d\u00e9couverte du vice.<\/p>\n\n\n\n<p><strong>Proc\u00e9dure:<\/strong><\/p>\n\n\n\n<p>Pour mettre en place une proc\u00e9dure SAV, vous devez prendre contact avec nous par email :info@nenuphar.com ou par t\u00e9l\u00e9phone au 01 64 45 01 00 afin d\u2019obtenir un accord pr\u00e9alable au retour, puis effectuer le cas \u00e9ch\u00e9ant le retour du produit d\u00e9fectueux accompagn\u00e9 de sa facture d&rsquo;achat \u00e0 notre adresse.<\/p>\n\n\n\n<p>Les frais de port retour sont \u00e0 la charge du client.<\/p>\n\n\n\n<p><strong>Droit pour le consommateur d&rsquo;avoir recours \u00e0 un m\u00e9diateur de la consommation en cas de litige avec le professionnel:<\/strong><\/p>\n\n\n\n<p><strong>LITIGES :<\/strong><\/p>\n\n\n\n<p>En cas de litige entre le professionnel et le consommateur, ceux-ci s\u2019efforceront de trouver une solution amiable.<\/p>\n\n\n\n<p>A d\u00e9faut d\u2019accord amiable, le consommateur a la possibilit\u00e9 de saisir gratuitement le m\u00e9diateur de la consommation dont rel\u00e8ve le professionnel, \u00e0 savoir l\u2019Association des M\u00e9diateurs Europ\u00e9ens (AME CONSO), dans un d\u00e9lai d\u2019un an \u00e0 compter de la r\u00e9clamation \u00e9crite adress\u00e9e au professionnel.<\/p>\n\n\n\n<p>La saisine du m\u00e9diateur de la consommation devra s\u2019effectuer :<\/p>\n\n\n\n<p>&#8211;&nbsp;&nbsp;&nbsp;&nbsp;&nbsp;&nbsp;&nbsp;&nbsp;&nbsp;&nbsp;&nbsp;&nbsp;&nbsp; soit en compl\u00e9tant le formulaire pr\u00e9vu \u00e0 cet effet sur le site internet de l\u2019AME CONSO :&nbsp;<a href=\"http:\/\/www.mediationconso-ame.com\/\">www.mediationconso-ame.com<\/a>&nbsp;;<\/p>\n\n\n\n<p>&#8211;&nbsp;&nbsp;&nbsp;&nbsp;&nbsp;&nbsp;&nbsp;&nbsp;&nbsp;&nbsp;&nbsp;&nbsp;&nbsp; soit par courrier adress\u00e9 \u00e0 l\u2019AME CONSO, 11 Place Dauphine \u2013 75001 PARIS.<\/p>\n\n\n\n<h3 class=\"wp-block-heading\"><strong>Responsabilit\u00e9<\/strong><\/h3>\n\n\n\n<p>La soci\u00e9t\u00e9&nbsp;<strong>N\u00e9nuphar<\/strong>&nbsp;n&rsquo;a, pour toutes les \u00e9tapes d&rsquo;acc\u00e8s au site, du processus de commande, de la livraison ou des services post\u00e9rieurs, qu&rsquo;une obligation de moyen. La responsabilit\u00e9 de&nbsp;<strong>N\u00e9nuphar&nbsp;<\/strong>ne saurait \u00eatre engag\u00e9e pour tous les inconv\u00e9nients ou dommages inh\u00e9rents \u00e0 l&rsquo;utilisation du r\u00e9seau Internet, notamment une rupture du service, une intrusion ext\u00e9rieure ou la pr\u00e9sence de virus informatiques, ou de tout fait qualifi\u00e9 de force majeure, conform\u00e9ment \u00e0 la jurisprudence.<\/p>\n\n\n\n<p>Donn\u00e9es nominatives :<\/p>\n\n\n\n<p>Conform\u00e9ment \u00e0 la loi du 6 janvier 1978, l&rsquo;utilisateur dispose d&rsquo;un droit d&rsquo;acc\u00e8s et de rectification des donn\u00e9es le concernant.<\/p>\n\n\n\n<h3 class=\"wp-block-heading\"><strong>Propri\u00e9t\u00e9 intellectuelle<\/strong><\/h3>\n\n\n\n<p>Tous les \u00e9l\u00e9ments du site&nbsp;<strong>N\u00e9nuphar Sailing Equipment<\/strong>, qu&rsquo;ils soient visuels ou sonores, y compris la technologie sous-jacente, sont prot\u00e9g\u00e9s par le droit d&rsquo;auteur, des marques ou des brevets. Ils sont la propri\u00e9t\u00e9 exclusive de la soci\u00e9t\u00e9&nbsp;<strong>N\u00e9nuphar SA<\/strong>. L&rsquo;utilisateur qui dispose d&rsquo;un site Internet \u00e0 titre personnel et qui d\u00e9sire placer, pour un usage personnel, sur son site un lien simple renvoyant directement \u00e0 la homepage du site&nbsp;<strong>N\u00e9nuphar :<\/strong><\/p>\n\n\n\n<figure class=\"wp-block-embed\"><div class=\"wp-block-embed__wrapper\">\nhttps:\/\/www.nenuphar.com\n<\/div><\/figure>\n\n\n\n<p><strong>ou&nbsp;https:\/\/www.nenuphar.fr<\/strong><\/p>\n\n\n\n<p>doit obligatoirement en demander l\u2019autorisation \u00e0 la soci\u00e9t\u00e9&nbsp;<strong>N\u00e9nuphar SAS<\/strong>.<\/p>\n\n\n\n<p>Il se s&rsquo;agira pas dans ce cas d&rsquo;une convention implicite d&rsquo;affiliation.&nbsp;En revanche, tout lien hypertexte renvoyant au site de&nbsp;<strong>N\u00e9nuphar<\/strong>&nbsp;et utilisant la technique du framing ou du in-line linking est formellement interdit. Dans tous les cas, tout lien, m\u00eame tacitement autoris\u00e9, devra \u00eatre retir\u00e9 sur simple demande de la soci\u00e9t\u00e9&nbsp;<strong>N\u00e9nuphar SAS<\/strong>.<\/p>\n\n\n\n<h3 class=\"wp-block-heading\"><strong>Donn\u00e9es privatives<\/strong><\/h3>\n\n\n\n<p>Conform\u00e9ment \u00e0 la loi du 6 janvier 1978, l&rsquo;utilisateur dispose d&rsquo;un droit d&rsquo;acc\u00e8s et de rectification des donn\u00e9es le concernant. Et ce par mail (info@nenuphar.com) ou par courrier au si\u00e8ge de&nbsp;<strong>N\u00e9nuphar<\/strong>&nbsp;S.A.S. Site enregistr\u00e9 \u00e0 la&nbsp;<img loading=\"lazy\" decoding=\"async\" src=\"https:\/\/www.nenuphar.com\/img\/cms\/cnil-logo.jpg\" alt=\"cnil\" width=\"57\" height=\"10\">&nbsp;sous le n\u00b0 884013 le 3 d\u00e9cembre 2003.<\/p>\n\n\n\n<h3 class=\"wp-block-heading\"><strong>Int\u00e9gralit\u00e9<\/strong><\/h3>\n\n\n\n<p>Dans l&rsquo;hypoth\u00e8se o\u00f9 l&rsquo;une des clauses du pr\u00e9sent contrat serait nulle et non avenue par un changement de l\u00e9gislation, de r\u00e9glementation ou par une d\u00e9cision de justice, cela ne saurait en aucun cas affecter la validit\u00e9 et le respect des pr\u00e9sentes conditions g\u00e9n\u00e9rales de vente.&nbsp;Les pr\u00e9sentes conditions s&rsquo;appliquent pendant toute la dur\u00e9e de mise en ligne des services offerts par la soci\u00e9t\u00e9&nbsp;<strong>N\u00e9nuphar SAS.&nbsp;<\/strong>L\u2019archivage des bons de commande et des factures est effectu\u00e9 sur un support fiable et durable de mani\u00e8re \u00e0 correspondre \u00e0 une copie fid\u00e8le et durable conform\u00e9ment \u00e0 l\u2019article 1348 du code civil.&nbsp;Les pr\u00e9sentes conditions sont soumises \u00e0 la loi fran\u00e7aise. L&rsquo;attribution de comp\u00e9tence en cas de litige, et \u00e0 d\u00e9faut d&rsquo;accord amiable entre les parties, est donn\u00e9e aux tribunaux comp\u00e9tents de Melun.<\/p>","protected":false},"excerpt":{"rendered":"<p>ATTENTION: &#8211; Le d\u00e9lais de livraison sont donn\u00e9s \u00e0 titre indicatif. Il peut arriver que certains d\u00e9lais s&rsquo;allongent consid\u00e9rablement,&nbsp;cela ne pouvant en aucun cas&nbsp;faire droit \u00e0 indemnit\u00e9 quelle qu&rsquo;elle soit. Conditions g\u00e9n\u00e9rales de vente &nbsp;Les pr\u00e9sentes conditions sont conclues entre, d&rsquo;une part, la soci\u00e9t\u00e9&nbsp;N\u00e9nuphar&nbsp;SAS,&nbsp;inscrite au RCS Melun, n\u00b0 B409 609 088, domicili\u00e9e \u00e0 Nemours, ZA [&hellip;]<\/p>\n","protected":false},"author":1,"featured_media":0,"parent":0,"menu_order":0,"comment_status":"closed","ping_status":"closed","template":"","meta":{"_acf_changed":false,"_uag_custom_page_level_css":"","footnotes":""},"class_list":["post-8686","page","type-page","status-publish","hentry"],"acf":[],"aioseo_notices":[],"uagb_featured_image_src":{"full":false,"thumbnail":false,"medium":false,"medium_large":false,"large":false,"1536x1536":false,"2048x2048":false,"trp-custom-language-flag":false,"woocommerce_thumbnail":false,"woocommerce_single":false,"woocommerce_gallery_thumbnail":false},"uagb_author_info":{"display_name":"Karine","author_link":"https:\/\/www.nenuphar.com\/en\/author\/karine\/"},"uagb_comment_info":0,"uagb_excerpt":"ATTENTION: &#8211; Le d\u00e9lais de livraison sont donn\u00e9s \u00e0 titre indicatif. Il peut arriver que certains d\u00e9lais s&rsquo;allongent consid\u00e9rablement,&nbsp;cela ne pouvant en aucun cas&nbsp;faire droit \u00e0 indemnit\u00e9 quelle qu&rsquo;elle soit. Conditions g\u00e9n\u00e9rales de vente &nbsp;Les pr\u00e9sentes conditions sont conclues entre, d&rsquo;une part, la soci\u00e9t\u00e9&nbsp;N\u00e9nuphar&nbsp;SAS,&nbsp;inscrite au RCS Melun, n\u00b0 B409 609 088, domicili\u00e9e \u00e0 Nemours, ZA&hellip;","_links":{"self":[{"href":"https:\/\/www.nenuphar.com\/en\/wp-json\/wp\/v2\/pages\/8686","targetHints":{"allow":["GET"]}}],"collection":[{"href":"https:\/\/www.nenuphar.com\/en\/wp-json\/wp\/v2\/pages"}],"about":[{"href":"https:\/\/www.nenuphar.com\/en\/wp-json\/wp\/v2\/types\/page"}],"author":[{"embeddable":true,"href":"https:\/\/www.nenuphar.com\/en\/wp-json\/wp\/v2\/users\/1"}],"replies":[{"embeddable":true,"href":"https:\/\/www.nenuphar.com\/en\/wp-json\/wp\/v2\/comments?post=8686"}],"version-history":[{"count":1,"href":"https:\/\/www.nenuphar.com\/en\/wp-json\/wp\/v2\/pages\/8686\/revisions"}],"predecessor-version":[{"id":8687,"href":"https:\/\/www.nenuphar.com\/en\/wp-json\/wp\/v2\/pages\/8686\/revisions\/8687"}],"wp:attachment":[{"href":"https:\/\/www.nenuphar.com\/en\/wp-json\/wp\/v2\/media?parent=8686"}],"curies":[{"name":"wp","href":"https:\/\/api.w.org\/{rel}","templated":true}]}}